{"id":4987,"date":"2024-09-23T09:52:57","date_gmt":"2024-09-23T14:52:57","guid":{"rendered":"https:\/\/istvr.edu.ec\/web\/?page_id=4987"},"modified":"2026-08-26T11:52:35","modified_gmt":"2026-08-26T16:52:35","slug":"carrera-de-educacion-inicial","status":"publish","type":"page","link":"https:\/\/istvr.edu.ec\/web\/carrera-de-educacion-inicial\/","title":{"rendered":"CARRERA DE EDUCACION INICIAL"},"content":{"rendered":"\t\t<div data-elementor-type=\"wp-page\" data-elementor-id=\"4987\" class=\"elementor elementor-4987\">\n\t\t\t\t\t\t<section class=\"elementor-section elementor-top-section elementor-element elementor-element-7fb78f7 elementor-section-boxed elementor-section-height-default elementor-section-height-default\" data-id=\"7fb78f7\" data-element_type=\"section\" data-e-type=\"section\">\n\t\t\t\t\t\t<div class=\"elementor-container elementor-column-gap-default\">\n\t\t\t\t\t<div class=\"elementor-column elementor-col-100 elementor-top-column elementor-element elementor-element-9603116\" data-id=\"9603116\" data-element_type=\"column\" data-e-type=\"column\">\n\t\t\t<div class=\"elementor-widget-wrap elementor-element-populated\">\n\t\t\t\t\t\t<div class=\"elementor-element elementor-element-ff10769 elementor-widget elementor-widget-text-editor\" data-id=\"ff10769\" data-element_type=\"widget\" data-e-type=\"widget\" data-widget_type=\"text-editor.default\">\n\t\t\t\t<div class=\"elementor-widget-container\">\n\t\t\t\t\t\t\t\t\t<h2>CARRERA DE EDUCACI\u00d3N INICIAL<\/h2>\t\t\n\t\t<h4 style=\"text-align: center;\">POSTULA AQU\u00cd: <a href=\"https:\/\/admision.educacion.gob.ec\/\">https:\/\/admision.educacion.gob.ec\/<\/a><\/h4><p><\/p>\t\t\n\t\t\t<h4>MODALIDAD DE ESTUDIO :  DUAL<\/h4>\t\t\n\t\thttps:\/\/youtu.be\/EkAizLybfZg<h6 style=\"margin: 0cm; text-align: left;\">La carrera de Educaci\u00f3n Inicial es la etapa educativa que atiende a ni\u00f1os desde su nacimiento hasta los 5 a\u00f1os, antes de su ingreso a la educaci\u00f3n primaria. <\/h6>\n<h6 style=\"margin: 0cm; text-align: left;\">Est\u00e1 centrada en promover el desarrollo integral del ni\u00f1o, abarcando \u00e1reas como el desarrollo cognitivo, emocional, social y f\u00edsico. En esta etapa, los ni\u00f1os comienzan a adquirir habilidades b\u00e1sicas que les ser\u00e1n fundamentales en su vida futura, como el lenguaje, la motricidad, la socializaci\u00f3n y la autonom\u00eda.<\/h6>\t\t\n\t\t\t\t\t\t\t\t\tPerfil Profesional de la Carrera\n\t\t\t\t\t\t\t\t\tOportunidades laborales y Campos de acci\u00f3n\n\t\t\t\t\t\t\t\t\tCargos y Roles profesionales\n\t\t\t\t\t\t\t\t\tVentajas Competitivas\n\t\t\t\t\t\t\t\t\tTendencias del mercado\n\t\t\t\t\t\t\t\t\tPerfil Profesional de la Carrera\n\t\t\t\t\t<p><img fetchpriority=\"high\" decoding=\"async\" src=\"http:\/\/istvr.edu.ec\/web\/wp-content\/uploads\/2025\/09\/PERFIL-EDUIN.png\" alt=\"\" width=\"960\" height=\"540\" \/><\/p>\n\t\t\t\t\t\t\t\t\tOportunidades laborales y Campos de acci\u00f3n\n\t\t\t\t\t<p><img decoding=\"async\" src=\"http:\/\/istvr.edu.ec\/web\/wp-content\/uploads\/2025\/09\/OPORTUNIDADES-EDUINI.png\" alt=\"\" width=\"960\" height=\"540\" \/><\/p>\n\t\t\t\t\t\t\t\t\tCargos y Roles profesionales\n\t\t\t\t\t<p><img decoding=\"async\" src=\"http:\/\/istvr.edu.ec\/web\/wp-content\/uploads\/2025\/09\/CARGOS-EDUINI.png\" alt=\"\" width=\"960\" height=\"540\" \/><\/p>\n\t\t\t\t\t\t\t\t\tVentajas Competitivas\n\t\t\t\t\t<p><img loading=\"lazy\" decoding=\"async\" src=\"http:\/\/istvr.edu.ec\/web\/wp-content\/uploads\/2025\/09\/VENTAJAS-EDU-INI.png\" alt=\"\" width=\"960\" height=\"540\" \/><\/p>\n\t\t\t\t\t\t\t\t\tTendencias del mercado\n\t\t\t\t\t<p><img loading=\"lazy\" decoding=\"async\" src=\"http:\/\/istvr.edu.ec\/web\/wp-content\/uploads\/2025\/09\/TENDENCIAS-EDUINI.png\" alt=\"\" width=\"960\" height=\"540\" \/><\/p>\n\t\t\t<h4><a href=\"http:\/\/istvr.edu.ec\/web\/wp-content\/uploads\/2025\/10\/MALLA-EDUCACION-INICIAL.pdf\">MALLA DE EDUCACI\u00d3N INICIAL<\/a><\/h4><!-- \/wp:post-content -->\t\t\t\t\t\t\t\t<\/div>\n\t\t\t\t<\/div>\n\t\t\t\t\t<\/div>\n\t\t<\/div>\n\t\t\t\t\t<\/div>\n\t\t<\/section>\n\t\t\t\t<\/div>\n\t\t","protected":false},"excerpt":{"rendered":"<p>CARRERA DE EDUCACI\u00d3N INICIAL POSTULA AQU\u00cd: https:\/\/admision.educacion.gob.ec\/ MODALIDAD DE ESTUDIO : DUAL https:\/\/youtu.be\/EkAizLybfZg La carrera de Educaci\u00f3n Inicial es la etapa educativa [&hellip;]<\/p>\n","protected":false},"author":1,"featured_media":0,"parent":0,"menu_order":0,"comment_status":"closed","ping_status":"closed","template":"","meta":{"pgc_sgb_lightbox_settings":"","footnotes":""},"class_list":["post-4987","page","type-page","status-publish","hentry"],"_links":{"self":[{"href":"https:\/\/istvr.edu.ec\/web\/wp-json\/wp\/v2\/pages\/4987","targetHints":{"allow":["GET"]}}],"collection":[{"href":"https:\/\/istvr.edu.ec\/web\/wp-json\/wp\/v2\/pages"}],"about":[{"href":"https:\/\/istvr.edu.ec\/web\/wp-json\/wp\/v2\/types\/page"}],"author":[{"embeddable":true,"href":"https:\/\/istvr.edu.ec\/web\/wp-json\/wp\/v2\/users\/1"}],"replies":[{"embeddable":true,"href":"https:\/\/istvr.edu.ec\/web\/wp-json\/wp\/v2\/comments?post=4987"}],"version-history":[{"count":45,"href":"https:\/\/istvr.edu.ec\/web\/wp-json\/wp\/v2\/pages\/4987\/revisions"}],"predecessor-version":[{"id":8866,"href":"https:\/\/istvr.edu.ec\/web\/wp-json\/wp\/v2\/pages\/4987\/revisions\/8866"}],"wp:attachment":[{"href":"https:\/\/istvr.edu.ec\/web\/wp-json\/wp\/v2\/media?parent=4987"}],"curies":[{"name":"wp","href":"https:\/\/api.w.org\/{rel}","templated":true}]}}